{"id":61589,"date":"2026-04-30T23:17:27","date_gmt":"2026-04-30T21:17:27","guid":{"rendered":"https:\/\/jimgreenfootwear.eu\/store\/highlander-pro-black\/"},"modified":"2026-05-01T18:05:29","modified_gmt":"2026-05-01T16:05:29","slug":"jim-green-highlander-pro-black","status":"publish","type":"product","link":"https:\/\/jimgreenfootwear.eu\/de\/store\/jim-green-highlander-pro-black\/","title":{"rendered":"Highlander Pro &#8211; Black"},"content":{"rendered":"<div class=\"wpb-content-wrapper\"><p>[vc_row css=&#8221;.vc_custom_padding_settings{padding-right: 15px !important;padding-left: 15px !important;padding-bottom: 20px !important;}&#8221;][vc_column width=&#8221;5\/6&#8243; css=&#8221;.vc_custom_padding_settings{padding-right: 15px !important;padding-left: 15px !important;}&#8221;][vc_column_text css=&#8221;&#8221;]<\/p>\n<h3><span style=\"font-family: nathan-serif; font-size: 24pt;\">Tradition verpflichtet. Gemacht f\u00fcr die Arbeit<\/span><\/h3>\n<p>[\/vc_column_text][\/vc_column][vc_column width=&#8221;1\/6&#8243;][\/vc_column][\/vc_row][vc_row css=&#8221;.vc_custom_padding_settings{padding-right: 15px !important;padding-left: 15px !important;}&#8221;][vc_column width=&#8221;1\/2&#8243; el_class=&#8221;description&#8221; css=&#8221;.vc_custom_padding_settings{padding-right: 15px !important;padding-bottom: 20px !important;padding-left: 15px !important;}&#8221;][vc_column_text css=&#8221;&#8221;]<\/p>\n<p data-start=\"230\" data-end=\"711\"><span style=\"font-family: nathan-serif; font-size: 14pt;\">Der Highlander Pro ist die n\u00e4chste Evolutionsstufe einer echten Jim Green Ikone. Auf dem Erbe des originalen Highlander aufgebaut, \u00fcbernimmt diese neue und verbesserte Version alles, was den Stiefel so beliebt gemacht hat, und entwickelt es weiter \u2013 f\u00fcr noch bessere Leistung, mehr Komfort und h\u00f6here Haltbarkeit. Jahre an Erfahrung in der Herstellung verl\u00e4sslicher Arbeits- und Outdoor-Schuhe sind in einen Stiefel eingeflossen, der robuster und leistungsf\u00e4higer ist als je zuvor.<\/span><\/p>\n<p data-start=\"713\" data-end=\"1154\"><span style=\"font-family: nathan-serif; font-size: 14pt;\">Der urspr\u00fcngliche Highlander verdankte seinen Ruf einer ehrlichen, kompromisslosen Zuverl\u00e4ssigkeit. Ein vielseitiges Design, eine langlebige Konstruktion und ein herausragendes Preis-Leistungs-Verh\u00e4ltnis machten ihn zur ersten Wahl f\u00fcr Arbeiter, Abenteurer und den t\u00e4glichen Einsatz. Er wurde bekannt als der Stiefel, auf den man sich verlassen kann \u2013 einer, der auftaucht, hart arbeitet und weitermacht, wenn andere l\u00e4ngst aufgegeben haben.<\/span><\/p>\n<p data-start=\"1156\" data-end=\"1493\"><span style=\"font-family: nathan-serif; font-size: 14pt;\">Der Highlander Pro setzt diesen Anspruch konsequent fort. Mit aufgewerteten Ledern und einer schlankeren Optik entwickelt, ist er darauf ausgelegt, anspruchsvolle Umgebungen zu meistern und dabei ganzt\u00e4gigen Komfort zu bieten. Ob auf der Baustelle, in der Werkstatt oder drau\u00dfen in der Natur \u2013 dieser Stiefel ist jederzeit einsatzbereit.<\/span><\/p>\n<p data-start=\"1495\" data-end=\"1757\"><span style=\"font-family: nathan-serif; font-size: 14pt;\">Von Anfang an stand der Highlander als Symbol verl\u00e4sslicher s\u00fcdafrikanischer Handwerkskunst und wurde unter den Arbeitern unseres Landes zu einer festen Gr\u00f6\u00dfe. Der Highlander Pro f\u00fchrt dieses Erbe weiter \u2013 st\u00e4rker, pr\u00e4ziser und bereit f\u00fcr die n\u00e4chste Generation.<\/span><\/p>\n<p>[\/vc_column_text][\/vc_column][vc_column width=&#8221;1\/2&#8243; el_class=&#8221;features&#8221;][vc_column_text css=&#8221;&#8221;]<\/p>\n<ul>\n<li><span style=\"font-family: nathan-serif; font-size: 14pt;\">Gefertigt aus einer einlagigen Lederkonstruktion (2,2 mm Full-Grain-Leder)<\/span><\/li>\n<li><span style=\"font-family: nathan-serif; font-size: 14pt;\">Gef\u00fctterte Quartiere (1,6 mm Kalbsleder)<\/span><\/li>\n<li><span style=\"font-family: nathan-serif; font-size: 14pt;\">Kn\u00f6chelpolsterung f\u00fcr hervorragenden Halt, Komfort und Schutz<\/span><\/li>\n<li><span style=\"font-family: nathan-serif; font-size: 14pt;\">Thermoplastische Zehenkappe und Fersenverst\u00e4rkung f\u00fcr zus\u00e4tzliche Stabilit\u00e4t<\/span><\/li>\n<li><span style=\"font-family: nathan-serif; font-size: 14pt;\">Stahlgelenk zwischen Brandsohle und Laufsohle f\u00fcr mehr Unterst\u00fctzung und Stabilit\u00e4t<\/span><\/li>\n<li><span style=\"font-family: nathan-serif; font-size: 14pt;\">Brandsohle und Obermaterial, doppelt vern\u00e4ht mit 2,2 mm geflochtenem Nylonfaden.<\/span><\/li>\n<li><span style=\"font-family: nathan-serif; font-size: 14pt;\">Laufsohle aus echtem Gummi<\/span><\/li>\n<li><span style=\"font-family: nathan-serif; font-size: 14pt;\">Wiederbesohlbar<\/span><\/li>\n<li><span style=\"font-family: nathan-serif; font-size: 14pt;\">Einlagige Lederkonstruktion f\u00fcr geringes Gewicht und hohe Vielseitigkeit \u2013 geeignet f\u00fcr unterschiedlichstes Terrain, ideal f\u00fcr Outdoor-Arbeit und anspruchsvolle Wanderungen.<\/span><\/li>\n<li><span style=\"font-family: nathan-serif; font-size: 14pt;\">Ausgestattet mit einer Microfaser-Innensohle, um das Gewicht gering zu halten und den Stiefel preislich zug\u00e4nglich zu halten.<\/span><\/li>\n<li><span style=\"font-family: nathan-serif; font-size: 14pt;\"><span style=\"text-decoration: underline;\"><strong>STC-Leisten<\/strong><\/span> \u2013 2E Weite mit gro\u00dfz\u00fcgiger, rund geformter Zehenbox<\/span><\/li>\n<li><span style=\"font-family: nathan-serif; font-size: 14pt;\">Sohle: JG \u2013 profilierte Gummisohle f\u00fcr guten Grip, fest ausgelegt f\u00fcr Stabilit\u00e4t.<\/span><\/li>\n<li><span style=\"font-family: nathan-serif; font-size: 14pt;\">Gewicht: 1,36 kg (Gr\u00f6\u00dfe 08)<\/span><\/li>\n<li><span style=\"font-family: nathan-serif; font-size: 14pt;\">Schn\u00fcrsenkel: 120 cm<\/span><\/li>\n<\/ul>\n<p>[\/vc_column_text][\/vc_column][\/vc_row]<\/p>\n<\/div>","protected":false},"excerpt":{"rendered":"<h4><span style=\"color: #c20000; font-family: nathan-serif; font-size: 14pt;\"><strong>LIMITIERTE AUFLAGE<\/strong><\/span><\/h4>\n<h4><span style=\"color: #c20000; font-family: nathan-serif; font-size: 14pt;\"><strong>BESTELLZEITRAUM: 1.\u201331. MAI 2026.<\/strong><\/span><\/h4>\n<h4><span style=\"color: #c20000; font-family: nathan-serif; font-size: 14pt;\"><strong>VORBESTELLUNGEN WERDEN ENDE AUGUST 2026 VERSENDET.<\/strong><\/span><\/h4>\n","protected":false},"featured_media":61375,"comment_status":"open","ping_status":"closed","template":"","meta":{"_acf_changed":false},"product_brand":[],"product_cat":[751,285,607,749,288],"product_tag":[640],"class_list":{"0":"post-61589","1":"product","2":"type-product","3":"status-publish","4":"has-post-thumbnail","6":"product_cat-120cm-laces","7":"product_cat-all-de-2","8":"product_cat-hiking-adventure-all-de","9":"product_cat-limitierte-auflage","10":"product_cat-presale-de-2","11":"product_tag-presale-de","12":"tm-has-options","14":"first","15":"instock","16":"taxable","17":"shipping-taxable","18":"purchasable","19":"product-type-variable"},"group_of_quantity":0,"min_quantity":0,"max_quantity":"","exclude_order_quantity_value_rules":"no","exclude_category_quantity_rules":"no","combine_variations":"no","acf":[],"yoast_head":"<!-- This site is optimized with the Yoast SEO plugin v27.5 - https:\/\/yoast.com\/product\/yoast-seo-wordpress\/ -->\n<title>Jim Green Highlander Pro \u2013 Leichter Leder-Arbeitsstiefel<\/title>\n<meta name=\"description\" content=\"Jim Green Highlander Pro Lederstiefel. Leichte Konstruktion, hoher Komfort und zuverl\u00e4ssige Performance f\u00fcr Arbeit, Wandern und den t\u00e4glichen Einsatz im Freien.\" \/>\n<meta name=\"robots\" content=\"index, follow, max-snippet:-1, max-image-preview:large, max-video-preview:-1\" \/>\n<link rel=\"canonical\" href=\"https:\/\/jimgreenfootwear.eu\/de\/store\/jim-green-highlander-pro-black\/\" \/>\n<meta property=\"og:locale\" content=\"de_DE\" \/>\n<meta property=\"og:type\" content=\"article\" \/>\n<meta property=\"og:title\" content=\"Jim Green Highlander Pro \u2013 Leichter Leder-Arbeitsstiefel\" \/>\n<meta property=\"og:description\" content=\"Jim Green Highlander Pro Lederstiefel. Leichte Konstruktion, hoher Komfort und zuverl\u00e4ssige Performance f\u00fcr Arbeit, Wandern und den t\u00e4glichen Einsatz im Freien.\" \/>\n<meta property=\"og:url\" content=\"https:\/\/jimgreenfootwear.eu\/de\/store\/jim-green-highlander-pro-black\/\" \/>\n<meta property=\"og:site_name\" content=\"Jim Green\" \/>\n<meta property=\"article:publisher\" content=\"https:\/\/www.facebook.com\/jimgreenfootwear\/\" \/>\n<meta property=\"article:modified_time\" content=\"2026-05-01T16:05:29+00:00\" \/>\n<meta property=\"og:image\" content=\"https:\/\/jimgreenfootwear.eu\/wp-content\/uploads\/2026\/04\/1-1.jpg\" \/>\n\t<meta property=\"og:image:width\" content=\"1200\" \/>\n\t<meta property=\"og:image:height\" content=\"1200\" \/>\n\t<meta property=\"og:image:type\" content=\"image\/jpeg\" \/>\n<meta name=\"twitter:card\" content=\"summary_large_image\" \/>\n<meta name=\"twitter:site\" content=\"@jimgreenfw\" \/>\n<meta name=\"twitter:label1\" content=\"Verf\u00fcgbarkeit\" \/>\n\t<meta name=\"twitter:data1\" content=\"Auf Lager\" \/>\n<script type=\"application\/ld+json\" class=\"yoast-schema-graph\">{\"@context\":\"https:\\\/\\\/schema.org\",\"@graph\":[{\"@type\":\"WebPage\",\"@id\":\"https:\\\/\\\/jimgreenfootwear.eu\\\/de\\\/store\\\/jim-green-highlander-pro-black\\\/\",\"url\":\"https:\\\/\\\/jimgreenfootwear.eu\\\/de\\\/store\\\/jim-green-highlander-pro-black\\\/\",\"name\":\"Jim Green Highlander Pro \u2013 Leichter Leder-Arbeitsstiefel\",\"isPartOf\":{\"@id\":\"https:\\\/\\\/jimgreenfootwear.eu\\\/#website\"},\"primaryImageOfPage\":{\"@id\":\"https:\\\/\\\/jimgreenfootwear.eu\\\/de\\\/store\\\/jim-green-highlander-pro-black\\\/#primaryimage\"},\"image\":{\"@id\":\"https:\\\/\\\/jimgreenfootwear.eu\\\/de\\\/store\\\/jim-green-highlander-pro-black\\\/#primaryimage\"},\"thumbnailUrl\":\"https:\\\/\\\/jimgreenfootwear.eu\\\/wp-content\\\/uploads\\\/2026\\\/04\\\/1-1.jpg\",\"datePublished\":\"2026-04-30T21:17:27+00:00\",\"dateModified\":\"2026-05-01T16:05:29+00:00\",\"description\":\"Jim Green Highlander Pro Lederstiefel. Leichte Konstruktion, hoher Komfort und zuverl\u00e4ssige Performance f\u00fcr Arbeit, Wandern und den t\u00e4glichen Einsatz im Freien.\",\"breadcrumb\":{\"@id\":\"https:\\\/\\\/jimgreenfootwear.eu\\\/de\\\/store\\\/jim-green-highlander-pro-black\\\/#breadcrumb\"},\"inLanguage\":\"de\",\"potentialAction\":[{\"@type\":\"ReadAction\",\"target\":[\"https:\\\/\\\/jimgreenfootwear.eu\\\/de\\\/store\\\/jim-green-highlander-pro-black\\\/\"]}]},{\"@type\":\"ImageObject\",\"inLanguage\":\"de\",\"@id\":\"https:\\\/\\\/jimgreenfootwear.eu\\\/de\\\/store\\\/jim-green-highlander-pro-black\\\/#primaryimage\",\"url\":\"https:\\\/\\\/jimgreenfootwear.eu\\\/wp-content\\\/uploads\\\/2026\\\/04\\\/1-1.jpg\",\"contentUrl\":\"https:\\\/\\\/jimgreenfootwear.eu\\\/wp-content\\\/uploads\\\/2026\\\/04\\\/1-1.jpg\",\"width\":1200,\"height\":1200,\"caption\":\"Jim Green Highlander pro black\"},{\"@type\":\"BreadcrumbList\",\"@id\":\"https:\\\/\\\/jimgreenfootwear.eu\\\/de\\\/store\\\/jim-green-highlander-pro-black\\\/#breadcrumb\",\"itemListElement\":[{\"@type\":\"ListItem\",\"position\":1,\"name\":\"Home\",\"item\":\"https:\\\/\\\/jimgreenfootwear.eu\\\/de\\\/\"},{\"@type\":\"ListItem\",\"position\":2,\"name\":\"Shop\",\"item\":\"https:\\\/\\\/jimgreenfootwear.eu\\\/de\\\/shop\\\/\"},{\"@type\":\"ListItem\",\"position\":3,\"name\":\"Highlander Pro &#8211; Black\"}]},{\"@type\":\"WebSite\",\"@id\":\"https:\\\/\\\/jimgreenfootwear.eu\\\/#website\",\"url\":\"https:\\\/\\\/jimgreenfootwear.eu\\\/\",\"name\":\"Jim Green\",\"description\":\"Footwear EU - Quality Hiking &amp; Safety Boots\",\"publisher\":{\"@id\":\"https:\\\/\\\/jimgreenfootwear.eu\\\/#organization\"},\"potentialAction\":[{\"@type\":\"SearchAction\",\"target\":{\"@type\":\"EntryPoint\",\"urlTemplate\":\"https:\\\/\\\/jimgreenfootwear.eu\\\/?s={search_term_string}\"},\"query-input\":{\"@type\":\"PropertyValueSpecification\",\"valueRequired\":true,\"valueName\":\"search_term_string\"}}],\"inLanguage\":\"de\"},{\"@type\":\"Organization\",\"@id\":\"https:\\\/\\\/jimgreenfootwear.eu\\\/#organization\",\"name\":\"Jim Green Footwear\",\"alternateName\":\"Jim Green\",\"url\":\"https:\\\/\\\/jimgreenfootwear.eu\\\/\",\"logo\":{\"@type\":\"ImageObject\",\"inLanguage\":\"de\",\"@id\":\"https:\\\/\\\/jimgreenfootwear.eu\\\/#\\\/schema\\\/logo\\\/image\\\/\",\"url\":\"https:\\\/\\\/jimgreenfootwear.eu\\\/wp-content\\\/uploads\\\/2023\\\/11\\\/Jim-Green-4-copy@4x.png\",\"contentUrl\":\"https:\\\/\\\/jimgreenfootwear.eu\\\/wp-content\\\/uploads\\\/2023\\\/11\\\/Jim-Green-4-copy@4x.png\",\"width\":1940,\"height\":1940,\"caption\":\"Jim Green Footwear\"},\"image\":{\"@id\":\"https:\\\/\\\/jimgreenfootwear.eu\\\/#\\\/schema\\\/logo\\\/image\\\/\"},\"sameAs\":[\"https:\\\/\\\/www.facebook.com\\\/jimgreenfootwear\\\/\",\"https:\\\/\\\/x.com\\\/jimgreenfw\",\"https:\\\/\\\/www.instagram.com\\\/jimgreenfootwear\\\/\"]}]}<\/script>\n<meta property=\"og:availability\" content=\"instock\" \/>\n<meta property=\"product:availability\" content=\"instock\" \/>\n<meta property=\"product:retailer_item_id\" content=\"B3_ST_JGA_JG5\" \/>\n<meta property=\"product:condition\" content=\"new\" \/>\n<!-- \/ Yoast SEO plugin. -->","yoast_head_json":{"title":"Jim Green Highlander Pro \u2013 Leichter Leder-Arbeitsstiefel","description":"Jim Green Highlander Pro Lederstiefel. Leichte Konstruktion, hoher Komfort und zuverl\u00e4ssige Performance f\u00fcr Arbeit, Wandern und den t\u00e4glichen Einsatz im Freien.","robots":{"index":"index","follow":"follow","max-snippet":"max-snippet:-1","max-image-preview":"max-image-preview:large","max-video-preview":"max-video-preview:-1"},"canonical":"https:\/\/jimgreenfootwear.eu\/de\/store\/jim-green-highlander-pro-black\/","og_locale":"de_DE","og_type":"article","og_title":"Jim Green Highlander Pro \u2013 Leichter Leder-Arbeitsstiefel","og_description":"Jim Green Highlander Pro Lederstiefel. Leichte Konstruktion, hoher Komfort und zuverl\u00e4ssige Performance f\u00fcr Arbeit, Wandern und den t\u00e4glichen Einsatz im Freien.","og_url":"https:\/\/jimgreenfootwear.eu\/de\/store\/jim-green-highlander-pro-black\/","og_site_name":"Jim Green","article_publisher":"https:\/\/www.facebook.com\/jimgreenfootwear\/","article_modified_time":"2026-05-01T16:05:29+00:00","og_image":[{"width":1200,"height":1200,"url":"https:\/\/jimgreenfootwear.eu\/wp-content\/uploads\/2026\/04\/1-1.jpg","type":"image\/jpeg"}],"twitter_card":"summary_large_image","twitter_site":"@jimgreenfw","twitter_misc":{"Verf\u00fcgbarkeit":"Auf Lager"},"schema":{"@context":"https:\/\/schema.org","@graph":[{"@type":"WebPage","@id":"https:\/\/jimgreenfootwear.eu\/de\/store\/jim-green-highlander-pro-black\/","url":"https:\/\/jimgreenfootwear.eu\/de\/store\/jim-green-highlander-pro-black\/","name":"Jim Green Highlander Pro \u2013 Leichter Leder-Arbeitsstiefel","isPartOf":{"@id":"https:\/\/jimgreenfootwear.eu\/#website"},"primaryImageOfPage":{"@id":"https:\/\/jimgreenfootwear.eu\/de\/store\/jim-green-highlander-pro-black\/#primaryimage"},"image":{"@id":"https:\/\/jimgreenfootwear.eu\/de\/store\/jim-green-highlander-pro-black\/#primaryimage"},"thumbnailUrl":"https:\/\/jimgreenfootwear.eu\/wp-content\/uploads\/2026\/04\/1-1.jpg","datePublished":"2026-04-30T21:17:27+00:00","dateModified":"2026-05-01T16:05:29+00:00","description":"Jim Green Highlander Pro Lederstiefel. Leichte Konstruktion, hoher Komfort und zuverl\u00e4ssige Performance f\u00fcr Arbeit, Wandern und den t\u00e4glichen Einsatz im Freien.","breadcrumb":{"@id":"https:\/\/jimgreenfootwear.eu\/de\/store\/jim-green-highlander-pro-black\/#breadcrumb"},"inLanguage":"de","potentialAction":[{"@type":"ReadAction","target":["https:\/\/jimgreenfootwear.eu\/de\/store\/jim-green-highlander-pro-black\/"]}]},{"@type":"ImageObject","inLanguage":"de","@id":"https:\/\/jimgreenfootwear.eu\/de\/store\/jim-green-highlander-pro-black\/#primaryimage","url":"https:\/\/jimgreenfootwear.eu\/wp-content\/uploads\/2026\/04\/1-1.jpg","contentUrl":"https:\/\/jimgreenfootwear.eu\/wp-content\/uploads\/2026\/04\/1-1.jpg","width":1200,"height":1200,"caption":"Jim Green Highlander pro black"},{"@type":"BreadcrumbList","@id":"https:\/\/jimgreenfootwear.eu\/de\/store\/jim-green-highlander-pro-black\/#breadcrumb","itemListElement":[{"@type":"ListItem","position":1,"name":"Home","item":"https:\/\/jimgreenfootwear.eu\/de\/"},{"@type":"ListItem","position":2,"name":"Shop","item":"https:\/\/jimgreenfootwear.eu\/de\/shop\/"},{"@type":"ListItem","position":3,"name":"Highlander Pro &#8211; Black"}]},{"@type":"WebSite","@id":"https:\/\/jimgreenfootwear.eu\/#website","url":"https:\/\/jimgreenfootwear.eu\/","name":"Jim Green","description":"Footwear EU - Quality Hiking &amp; Safety Boots","publisher":{"@id":"https:\/\/jimgreenfootwear.eu\/#organization"},"potentialAction":[{"@type":"SearchAction","target":{"@type":"EntryPoint","urlTemplate":"https:\/\/jimgreenfootwear.eu\/?s={search_term_string}"},"query-input":{"@type":"PropertyValueSpecification","valueRequired":true,"valueName":"search_term_string"}}],"inLanguage":"de"},{"@type":"Organization","@id":"https:\/\/jimgreenfootwear.eu\/#organization","name":"Jim Green Footwear","alternateName":"Jim Green","url":"https:\/\/jimgreenfootwear.eu\/","logo":{"@type":"ImageObject","inLanguage":"de","@id":"https:\/\/jimgreenfootwear.eu\/#\/schema\/logo\/image\/","url":"https:\/\/jimgreenfootwear.eu\/wp-content\/uploads\/2023\/11\/Jim-Green-4-copy@4x.png","contentUrl":"https:\/\/jimgreenfootwear.eu\/wp-content\/uploads\/2023\/11\/Jim-Green-4-copy@4x.png","width":1940,"height":1940,"caption":"Jim Green Footwear"},"image":{"@id":"https:\/\/jimgreenfootwear.eu\/#\/schema\/logo\/image\/"},"sameAs":["https:\/\/www.facebook.com\/jimgreenfootwear\/","https:\/\/x.com\/jimgreenfw","https:\/\/www.instagram.com\/jimgreenfootwear\/"]}]},"og_availability":"instock","product_availability":"instock","product_retailer_item_id":"B3_ST_JGA_JG5","product_condition":"new"},"_links":{"self":[{"href":"https:\/\/jimgreenfootwear.eu\/de\/wp-json\/wp\/v2\/product\/61589","targetHints":{"allow":["GET"]}}],"collection":[{"href":"https:\/\/jimgreenfootwear.eu\/de\/wp-json\/wp\/v2\/product"}],"about":[{"href":"https:\/\/jimgreenfootwear.eu\/de\/wp-json\/wp\/v2\/types\/product"}],"replies":[{"embeddable":true,"href":"https:\/\/jimgreenfootwear.eu\/de\/wp-json\/wp\/v2\/comments?post=61589"}],"wp:featuredmedia":[{"embeddable":true,"href":"https:\/\/jimgreenfootwear.eu\/de\/wp-json\/wp\/v2\/media\/61375"}],"wp:attachment":[{"href":"https:\/\/jimgreenfootwear.eu\/de\/wp-json\/wp\/v2\/media?parent=61589"}],"wp:term":[{"taxonomy":"product_brand","embeddable":true,"href":"https:\/\/jimgreenfootwear.eu\/de\/wp-json\/wp\/v2\/product_brand?post=61589"},{"taxonomy":"product_cat","embeddable":true,"href":"https:\/\/jimgreenfootwear.eu\/de\/wp-json\/wp\/v2\/product_cat?post=61589"},{"taxonomy":"product_tag","embeddable":true,"href":"https:\/\/jimgreenfootwear.eu\/de\/wp-json\/wp\/v2\/product_tag?post=61589"}],"curies":[{"name":"wp","href":"https:\/\/api.w.org\/{rel}","templated":true}]}}